{"id":3814,"date":"2018-01-22T14:21:54","date_gmt":"2018-01-22T13:21:54","guid":{"rendered":"https:\/\/www.oderland.se\/support\/?post_type=ht_kb&#038;p=3814"},"modified":"2021-10-29T12:23:16","modified_gmt":"2021-10-29T11:23:16","slug":"hur-andrar-jag-avtalsperioden-for-min-tjanst","status":"publish","type":"ht_kb","link":"https:\/\/www.oderland.se\/support\/artikel\/hur-andrar-jag-avtalsperioden-for-min-tjanst\/","title":{"rendered":"Hur \u00e4ndrar jag avtalsperioden f\u00f6r min tj\u00e4nst?"},"content":{"rendered":"\n<p>Under f\u00f6ruts\u00e4ttning att du inte har n\u00e5gra utest\u00e5ende fakturor f\u00f6r den tj\u00e4nst du vill f\u00f6rl\u00e4nga eller f\u00f6rkorta avtalsperioden f\u00f6r r\u00e4cker det med att du <a href=\"https:\/\/www.oderland.se\/support\/kontakta-supporten\/\" target=\"_blank\" rel=\"noopener noreferrer\">kontaktar oss<\/a> s\u00e5 hj\u00e4lper vi dig med att g\u00f6ra \u00e4ndringen.<\/p>\n\n\n\n<p class=\"wp-block-ht-blocks-messages wp-block-hb-message wp-block-hb-message--withicon is-style-alert\">Om du har obetalda fakturor f\u00f6r tj\u00e4nsten det hela g\u00e4ller ber vi dig f\u00f6rst se till att betala dessa. S\u00e5 snart du f\u00e5tt en betalningsbekr\u00e4ftelse p\u00e5 fakturan (skickas via e-post till adressen som st\u00e5r p\u00e5 kundkontot hos oss) kontaktar du oss enligt ovan och beskriver den \u00e4ndring du vill g\u00f6ra.<\/p>\n\n\n\n<p>Den vanligaste typen av \u00e4ndring av perioden man betalar f\u00f6r \u00e4r att g\u00e5 \u00f6ver fr\u00e5n m\u00e5nadsvis eller kvartalsvis fakturering till \u00e5rsvis. Du slipper d\u00e5 att f\u00e5 ut m\u00e5nga fakturor under \u00e5ret och betalar ist\u00e4llet en klumpsumma. Eftersom vi <a href=\"https:\/\/www.oderland.se\/support\/artikel\/har-ni-nagon-bindningstid\/\" target=\"_blank\" rel=\"noopener noreferrer\">inte har n\u00e5gon bindningstid<\/a> p\u00e5 de flesta av v\u00e5ra tj\u00e4nster \u00e4r det perioden du betalat f\u00f6r som avg\u00f6r hur l\u00e5ngt avtal du har med oss.<\/p>\n","protected":false},"excerpt":{"rendered":"<p>Under f\u00f6ruts\u00e4ttning att du inte har n\u00e5gra utest\u00e5ende fakturor f\u00f6r den tj\u00e4nst du vill f\u00f6rl\u00e4nga eller f\u00f6rkorta avtalsperioden f\u00f6r r\u00e4cker det med att du kontaktar oss s\u00e5 hj\u00e4lper vi dig med att g\u00f6ra \u00e4ndringen. Den vanligaste typen av \u00e4ndring av perioden man betalar f\u00f6r \u00e4r att g\u00e5 \u00f6ver fr\u00e5n m\u00e5nadsvis&#8230;<\/p>\n","protected":false},"author":12,"comment_status":"open","ping_status":"closed","template":"","format":"standard","meta":{"_acf_changed":false,"footnotes":""},"ht-kb-category":[18],"ht-kb-tag":[],"class_list":["post-3814","ht_kb","type-ht_kb","status-publish","format-standard","hentry","ht_kb_category-avtal-och-fakturering"],"acf":[],"_links":{"self":[{"href":"https:\/\/www.oderland.se\/support\/wp-json\/wp\/v2\/ht-kb\/3814","targetHints":{"allow":["GET"]}}],"collection":[{"href":"https:\/\/www.oderland.se\/support\/wp-json\/wp\/v2\/ht-kb"}],"about":[{"href":"https:\/\/www.oderland.se\/support\/wp-json\/wp\/v2\/types\/ht_kb"}],"author":[{"embeddable":true,"href":"https:\/\/www.oderland.se\/support\/wp-json\/wp\/v2\/users\/12"}],"replies":[{"embeddable":true,"href":"https:\/\/www.oderland.se\/support\/wp-json\/wp\/v2\/comments?post=3814"}],"version-history":[{"count":5,"href":"https:\/\/www.oderland.se\/support\/wp-json\/wp\/v2\/ht-kb\/3814\/revisions"}],"predecessor-version":[{"id":8049,"href":"https:\/\/www.oderland.se\/support\/wp-json\/wp\/v2\/ht-kb\/3814\/revisions\/8049"}],"wp:attachment":[{"href":"https:\/\/www.oderland.se\/support\/wp-json\/wp\/v2\/media?parent=3814"}],"wp:term":[{"taxonomy":"ht_kb_category","embeddable":true,"href":"https:\/\/www.oderland.se\/support\/wp-json\/wp\/v2\/ht-kb-category?post=3814"},{"taxonomy":"ht_kb_tag","embeddable":true,"href":"https:\/\/www.oderland.se\/support\/wp-json\/wp\/v2\/ht-kb-tag?post=3814"}],"curies":[{"name":"wp","href":"https:\/\/api.w.org\/{rel}","templated":true}]}}