{"id":3279,"date":"2017-12-05T14:52:23","date_gmt":"2017-12-05T13:52:23","guid":{"rendered":"https:\/\/www.oderland.se\/support\/?post_type=ht_kb&#038;p=3279"},"modified":"2025-08-15T14:05:45","modified_gmt":"2025-08-15T13:05:45","slug":"hur-hanteras-mina-personuppgifter","status":"publish","type":"ht_kb","link":"https:\/\/www.oderland.se\/support\/artikel\/hur-hanteras-mina-personuppgifter\/","title":{"rendered":"Hur hanteras mina personuppgifter?"},"content":{"rendered":"\n<h2 class=\"wp-block-heading\">\u00d6verblick<\/h2>\n\n\n\n<p>Hur behandling av personuppgifter skall ske regleras av <a href=\"https:\/\/www.datainspektionen.se\/lagar--regler\/dataskyddsforordningen\/\"><strong>Dataskyddsf\u00f6rordningen<\/strong><\/a> och <strong><a href=\"https:\/\/ec.europa.eu\/info\/law\/law-topic\/data-protection_sv\">GDPR<\/a><\/strong> som vi ocks\u00e5 str\u00e4var att efterf\u00f6lja.<\/p>\n\n\n\n<ul class=\"wp-block-list\">\n<li>Vi \u00e4r <em><strong>personuppgiftsansvariga<\/strong><\/em> f\u00f6r uppgifterna om dig som kund till oss och reglerar detta i v\u00e5r <a href=\"https:\/\/www.oderland.se\/villkor-policies\/integritetspolicy\/\" target=\"_blank\" rel=\"noreferrer noopener\">Integritetspolicy (Personuppgiftspolicy inkl. cookie information)<\/a>.<\/li>\n\n\n\n<li>Vi \u00e4r <strong><em>personuppgiftsbitr\u00e4de<\/em><\/strong> f\u00f6r de uppgifter som du som kund lagrar i v\u00e5ra tj\u00e4nster och reglerar detta i v\u00e5rt <a rel=\"noreferrer noopener\" aria-label=\" (\u00f6ppnas i en ny flik)\" href=\"https:\/\/www.oderland.se\/support\/wp-content\/uploads\/2017\/12\/Personuppgiftsbitradesavtal-PUBA-Oderland-v1.pdf\" target=\"_blank\">Personuppgiftsbitr\u00e4desavtal (DPA\/PUBA)<\/a> och dess <a rel=\"noreferrer noopener\" aria-label=\"bilaga med instruktioner (\u00f6ppnas i en ny flik)\" href=\"https:\/\/www.oderland.se\/support\/wp-content\/uploads\/2017\/12\/Bilaga-1-Instruktioner-om-hantering-av-Personuppgifter-v1.pdf\" target=\"_blank\">bilaga med instruktioner<\/a>.<\/li>\n<\/ul>\n\n\n\n<p>Du kan ocks\u00e5 vara intresserad av v\u00e5rt <a rel=\"noreferrer noopener\" href=\"https:\/\/www.oderland.se\/om\/anvandaravtal\/\" target=\"_blank\">anv\u00e4ndaravtal<\/a> och <a rel=\"noreferrer noopener\" href=\"https:\/\/www.oderland.se\/sakerhet\/\" target=\"_blank\">hur vi hanterar s\u00e4kerhet<\/a>.<\/p>\n\n\n\n<h2 class=\"wp-block-heading\">Vanliga fr\u00e5gor och svar FAQ<\/h2>\n\n\n\n<h3 class=\"wp-block-heading\"><strong>\u00c4r Oderland Personuppgiftsansvarig eller Personuppgiftsbitr\u00e4de?<\/strong><\/h3>\n\n\n\n<p>Ja b\u00e5da. Se \u00f6verblicken h\u00f6gst upp i denna artikel.<\/p>\n\n\n\n<h3 class=\"wp-block-heading\">Lagras kortuppgifter hos Oderland?<\/h3>\n\n\n\n<p>Nej vi lagrar inte dina kortuppgifter utan dessa lagras p\u00e5 ett s\u00e4kert s\u00e4tt hos v\u00e5r v\u00e4rldsledande leverant\u00f6r av kortbetalningar <a rel=\"noreferrer noopener\" href=\"https:\/\/stripe.com\/en-se\" target=\"_blank\">Stripe<\/a>.<\/p>\n\n\n\n<h3 class=\"wp-block-heading\">Kan Oderland skriva p\u00e5 v\u00e5rt avtal?<\/h3>\n\n\n\n<p><strong>Korta svaret<\/strong> \u2014 Nej, du f\u00e5r v\u00e4rdera om <a rel=\"noreferrer noopener\" aria-label=\"v\u00e5ra avtal (\u00f6ppnas i en ny flik)\" href=\"https:\/\/www.oderland.se\/villkor-policies\/\" target=\"_blank\">v\u00e5ra avtal<\/a> st\u00e4mmer med ditt behov. <\/p>\n\n\n\n<p><strong>L\u00e5nga svaret<\/strong> \u2014 Kanske men eftersom de flesta av v\u00e5ra tj\u00e4nster har fasta priser finns det l\u00e5ga marginaler f\u00f6r att skr\u00e4ddarsy behandling av tj\u00e4nsterna som medf\u00f6r extra kostnader. M\u00f6jligen skulle tj\u00e4nsten Managed Server kunna vara en grund f\u00f6r ett s\u00e5nt specialavtal. Men i s\u00e5 fall \u00e4r n\u00e4sta hinder att ett avtal som kund inkommer med m\u00e5ste granskas av v\u00e5ra jurister f\u00f6r utl\u00e5tande om vad det inneb\u00e4r i f\u00f6rh\u00e5llande till v\u00e5rt standardavtal och detta kostar pengar som varken vi eller kunden vill st\u00e5 f\u00f6r f\u00f6r en granskning som kanske inte ens blir ett k\u00f6p. Men \u00e4r du beredd p\u00e5 en managed server-tj\u00e4nst och att ta kostnaden f\u00f6r granskning av avtalet och och den \u00f6kade kostnaden f\u00f6r att tj\u00e4nsten skall skr\u00e4ddarsys efter ditt avtal om det beh\u00f6vs s\u00e5 \u00e4r vi \u00f6ppna f\u00f6r att unders\u00f6ka det.<\/p>\n\n\n\n<h3 class=\"wp-block-heading\">Hur skriver jag p\u00e5 avtalet?<\/h3>\n\n\n\n<p><a href=\"https:\/\/www.oderland.se\/support\/wp-content\/uploads\/2017\/12\/Personuppgiftsbitradesavtal-PUBA-Oderland-v1.pdf\">Personuppgiftsbitr\u00e4desavtalet<\/a> \u00e4r en integrerad del av <a href=\"https:\/\/www.oderland.se\/om\/anvandaravtal\/\">v\u00e5rt anv\u00e4ndaravtal<\/a> enligt vad som anges i just anv\u00e4ndaravtalet och det g\u00e4ller f\u00f6r alla v\u00e5ra kunder automatiskt om inte annat f\u00f6rhandlats.<\/p>\n\n\n\n<h3 class=\"wp-block-heading\"><strong>Kan jag som kund ge er instruktioner?<\/strong><\/h3>\n\n\n\n<p>Ja ni har laglig r\u00e4tt att komma med egna instruktioner i st\u00e4llet f\u00f6r dena <a rel=\"noreferrer noopener\" href=\"https:\/\/www.oderland.se\/support\/wp-content\/uploads\/2017\/12\/Bilaga-1-Instruktioner-om-hantering-av-Personuppgifter-v1.pdf\" target=\"_blank\">bilaga med  instruktioner<\/a> som vi har tagit fram som bilaga till <a rel=\"noreferrer noopener\" href=\"https:\/\/www.oderland.se\/support\/wp-content\/uploads\/2017\/12\/Personuppgiftsbitradesavtal-PUBA-Oderland-v1.pdf\" target=\"_blank\">personuppgiftsbitr\u00e4desavtalet<\/a> och som oftast t\u00e4cker de behov v\u00e5ra kunder har av att f\u00f6lja GDPR. Ni kan i s\u00e5 fall mejla dessa till support@oderland.se s\u00e5 kan vi kolla p\u00e5 att ta fram en specialanpassad tj\u00e4nst \u00e5t er. (Om instruktionerna d\u00e5 beh\u00f6ver granskas av jurister har Oderland r\u00e4tt till ers\u00e4ttning f\u00f6r detta. Men vi fr\u00e5gar i s\u00e5 fall kund f\u00f6rst innan vi skickar vidare dem f\u00f6r granskning.)<\/p>\n\n\n\n<h3 class=\"wp-block-heading\"><strong>Hur hanteras loggar, trasiga h\u00e5rddiskar och backuper?<\/strong><\/h3>\n\n\n\n<p>Server-loggar f\u00f6r \u00e5tkomst, fel och brandv\u00e4gg raderas automatiskt som l\u00e4ngst efter tre m\u00e5nader. Vi har sekretessavtal som t\u00e4cker h\u00e5rddiskar som beh\u00f6ver reklameras till leverant\u00f6rer. Vi skriver \u00e4ven \u00f6ver datan om m\u00f6jligt p\u00e5 disken innan de skickas iv\u00e4g f\u00f6r destruering. Backuper gallras i enlighet med v\u00e5r <a href=\"https:\/\/www.oderland.se\/support\/wp-content\/uploads\/2017\/12\/Policy-for-personuppgiftshantering-v1.pdf\">integritetspolicy<\/a>.<\/p>\n\n\n\n<h3 class=\"wp-block-heading\"><strong>Var lagras mina mail?<\/strong><\/h3>\n\n\n\n<p>Om du anv\u00e4nder mailen i v\u00e5ra tj\u00e4nster s\u00e5 lagras den p\u00e5 <a href=\"https:\/\/www.oderland.se\/support\/artikel\/var-finns-era-servrar\/\">v\u00e5ra servrar i Sverige.<\/a><\/p>\n\n\n\n<h3 class=\"wp-block-heading\"><strong>Hur hanteras bes\u00f6ksstatistik?<\/strong><\/h3>\n\n\n\n<p>I cPanel i v\u00e5ra webbhotellstj\u00e4nster s\u00e5 lagras automatiskt bes\u00f6ksstatistik. <strong>Observera<\/strong> att ni kan beh\u00f6va informera era bes\u00f6kare om detta. I den h\u00e4r <a href=\"https:\/\/www.oderland.se\/support\/artikel\/hur-ser-jag-statistik-over-mina-besokare\/#gdpr-och-personuppgiftshantering\" target=\"_blank\" rel=\"noreferrer noopener\">artikeln om bes\u00f6ksstatistik<\/a> kan ni l\u00e4sa mer om hur ni kan gallra, g\u00f6ra utdrag, radera eller st\u00e4nga av bes\u00f6ksstatistik som lagras i er tj\u00e4nst.<\/p>\n\n\n\n<h3 class=\"wp-block-heading\"><strong>Kan jag lagra denna typ av personuppgifter i era tj\u00e4nster?<\/strong><\/h3>\n\n\n\n<p>Vi har gjort v\u00e5rt b\u00e4sta f\u00f6r att uppfylla de krav som GDPR st\u00e4ller p\u00e5 oss. Det g\u00e5r att l\u00e4sa om detta i v\u00e5rt <a rel=\"noreferrer noopener\" href=\"https:\/\/www.oderland.se\/support\/wp-content\/uploads\/2017\/12\/Personuppgiftsbitradesavtal-PUBA-Oderland-v1.pdf\" target=\"_blank\">personuppgiftsbitr\u00e4desavtal<\/a>. Vi kan tyv\u00e4rr inte kontrollera vilken typ av personuppgifter v\u00e5ra kunder lagrar utan vi tillhandah\u00e5ller bara plattformen som \u00e4r GDPR-anpassad men det \u00e4r dock fortfarande fullt m\u00f6jligt att lagra personuppgifter p\u00e5 ett felaktigt s\u00e4tt i v\u00e5r plattform trots detta. Om ni \u00e4r os\u00e4kra p\u00e5 vilka krav som st\u00e4lls p\u00e5 er och hur ni skall uppfylla dem i v\u00e5ra tj\u00e4nster rekommenderar vi att ni kontaktar Integritetsskyddsmyndigheten eller jurister f\u00f6r r\u00e5dgivning.<\/p>\n\n\n\n<h3 class=\"wp-block-heading\">Hur skall jag hantera lagring av mail?<\/h3>\n\n\n\n<p>Era mail inneh\u00e5ller ofta personuppgifter och b\u00f6r d\u00e4rf\u00f6r ocks\u00e5 behandlas p\u00e5 samma s\u00e4tt som andra personuppgifter ni lagrar i v\u00e5ra tj\u00e4nster. Integritetsskyddsmyndigheten har <a rel=\"noreferrer noopener\" href=\"https:\/\/www.imy.se\/lagar--regler\/dataskyddsforordningen\/samma-regler-for-alla\/hantera-personuppgifter-i-e-post\/\" target=\"_blank\">en bra guide h\u00e4r om hur ni skall resonera runt detta<\/a>.<\/p>\n\n\n\n<h3 class=\"wp-block-heading\">Min tj\u00e4nst \u00e4r raderad kan ni \u00e5terst\u00e4lla den?<\/h3>\n\n\n\n<p>Det beror p\u00e5 hur l\u00e5ngt tid det har g\u00e5tt. Vi kan \u00e5terst\u00e4lla en tj\u00e4nst om backuperna inte har fasats ut \u00e4n fr\u00e5n servern.  Den tiden st\u00e5r i <a href=\"https:\/\/www.oderland.se\/villkor-policies\/integritetspolicy\/\">v\u00e5r policy<\/a> och f\u00f6r webbhotell \u00e4r det I skrivande stund tre m\u00e5nader efter f\u00f6rfallodatum \/ due date. D\u00e4refter \u00e4r en \u00e5terst\u00e4llning av tj\u00e4nsten tyv\u00e4rr inte l\u00e4ngre m\u00f6jlig.<\/p>\n\n\n\n<p class=\"wp-block-ht-blocks-messages wp-block-hb-message wp-block-hb-message--withicon is-style-info\">\u00c5terst\u00e4llning av en raderad tj\u00e4nst kan vara f\u00f6rknippad med en avgift. Du kommer informeras om denna om du kontaktar oss om en \u00e5terst\u00e4llning av denna typ.<\/p>\n\n\n\n<h3 class=\"wp-block-heading\">Schrems II<\/h3>\n\n\n\n<p>Tidigare i v\u00e5r Integritetspolicy redovisade vi amerikanska leverant\u00f6rer vi h\u00e4nvisade till Standard Contractual Clauses (SCC) avtal med dessa. Dock blev det missvisande efter Schrems II d\u00e5 m\u00e5nga av dem inte gjorde n\u00e5gra behandlingar av personuppgifter utan vi hostade deras mjukvara sj\u00e4lva. D\u00e4rf\u00f6r har en rej\u00e4l genomg\u00e5ng gjorts f\u00f6r att f\u00f6rtydliga vilka behandlingar som faktiskt g\u00f6rs av personuppgifter.<br><a href=\"https:\/\/www.oderland.se\/villkor-policies\/integritetspolicy\/\">https:\/\/www.oderland.se\/villkor-policies\/integritetspolicy\/<\/a><\/p>\n\n\n\n<p>Dessutom s\u00e5 ser vi till att tex. i de s\u00e4llsynta fall d\u00e4r vi inte kan l\u00f6sa problem med mjukvaror fr\u00e5n leverant\u00f6rer sj\u00e4lva och beh\u00f6ver beh\u00f6vt ta hj\u00e4lp fr\u00e5n deras tekniker s\u00e5 f\u00e5r de INTE tillg\u00e5ng till en live server med kunddata utan vi \u00e5terskapar felet p\u00e5 en demo-server d\u00e4r fels\u00f6kning kan ske s\u00e4kert.&nbsp;<\/p>\n\n\n\n<p>Personal som befinner sig utomlands anv\u00e4nder en tv\u00e5-faktor-autentiserad och l\u00f6senords-skyddad VPN tunnel och har krypterade diskar. Utomlands \u00e4r ocks\u00e5 genom rutin ev. ny behandling av personuppgift begr\u00e4nsad till endast l\u00e4sning. <\/p>\n\n\n\n<p>Sedan har vi kvar n\u00e5gra enstaka leverant\u00f6rer som tex. Kortbetalning d\u00e4r personuppgifter behandlas och vi har en amerikansk leverant\u00f6r. D\u00e4r har vi tyv\u00e4rr inget annat val \u00e4n att f\u00f6rlita oss p\u00e5&nbsp; Standard Contractual Clauses (SCC) men att d\u00e5 i enligt rekommendationer st\u00e4rkas upp skyddet f\u00f6r v\u00e5ra kunder med ut\u00f6kade s\u00e4kerhets\u00e5tg\u00e4rder. Ut\u00f6kade s\u00e4kerhets\u00e5tg\u00e4rder&nbsp;inneb\u00e4r bland annat att vi har en striktare systematisk uppf\u00f6ljning av dessa leverant\u00f6rens s\u00e4kerhets\u00e5taganden och systematiskt g\u00f6r riskbed\u00f6mningar runt personuppgifter till dem. Dessutom \u00e4r vi redo att byta ut dem vid ev. uppt\u00e4ckta brister. Som du kan se i v\u00e5r policy i l\u00e4nken ovan \u00e4r kontaktpunkterna mycket f\u00e5. <\/p>\n\n\n\n<p>H\u00e4r \u00e4r det ocks\u00e5 l\u00e4mpligt att p\u00e5minna att vi rekommenderar v\u00e5r Managed Server tj\u00e4nst i st\u00e4llet f\u00f6r webbhotell f\u00f6r de kunder som vill ha st\u00f6rre m\u00f6jlighet att s\u00e4ga till om serverns konfiguration och installerade mjukvaror.<\/p>\n\n\n\n<h3 class=\"wp-block-heading\">Hur skall jag f\u00f6lja GDPR i WordPress?<\/h3>\n\n\n\n<p>Det finns inget enkelt svar utan <a href=\"https:\/\/www.imy.se\/vagledningar\/for-dig-som-har-foretag\/\" target=\"_blank\" rel=\"noreferrer noopener\">du f\u00e5r l\u00e4sa p\u00e5 hos Integritetsskyddsmyndigheten<\/a>, googla fram f\u00e4rska l\u00e4ngre artiklar och eventuellt kontakta en jurist f\u00f6r r\u00e5dgivning.<\/p>\n\n\n\n<p><strong>Observera<\/strong> listan nedanf\u00f6r \u00e4r ingen komplett juridisk r\u00e5dgivning utan bara n\u00e5gra sj\u00e4lvklara punkter f\u00f6r att komma ig\u00e5ng med sitt GDPR arbete p\u00e5 sin nyinstallerade WordPress tex. <\/p>\n\n\n\n<ul class=\"wp-block-list\">\n<li>Anv\u00e4nd hosting som har ett <a rel=\"noreferrer noopener\" href=\"https:\/\/www.oderland.se\/support\/wp-content\/uploads\/2017\/12\/Personuppgiftsbitradesavtal-PUBA-Oderland-v1.pdf\" target=\"_blank\">Personuppgiftsbitr\u00e4desavtal<\/a> som Oderland.<\/li>\n\n\n\n<li>WordPress inkluderar nu en halvf\u00e4rdig <strong>Privacy Policy<\/strong> man kan g\u00f6ra klart och aktivera under <strong>settings<\/strong>. Ber\u00e4tta d\u00e4r om vad du lagrar, vem du delar den med, varf\u00f6r och hur l\u00e4nge och <a rel=\"noreferrer noopener\" href=\"https:\/\/www.imy.se\/lagar--regler\/dataskyddsforordningen\/rattslig-grund\/\" target=\"_blank\">vilken r\u00e4ttslig grund<\/a> du har. <\/li>\n\n\n\n<li>N\u00e4r du redigerar denna sida f\u00f6r Privacy Policy som WordPress inkluderar s\u00e5 har de en notis h\u00f6gst upp med en l\u00e4nk som tar dig till en sida d\u00e4r plugin om de st\u00f6djer detta kan ge dig rekommenderade formuleringar att ta med. Tex. s\u00e5 har LiteSpeed cache pluginet om du installerat det en text de rekommenderar. <\/li>\n\n\n\n<li>WordPress har nu dessutom <strong>funktioner f\u00f6r att exportera och radera personuppgifter<\/strong> under <strong>tools<\/strong>.<\/li>\n\n\n\n<li>Kombinera detta med <strong>gratis SSL<\/strong> som vi erbjuder<\/li>\n\n\n\n<li>Och <strong>installera ett cookie policy plugin<\/strong> d\u00e4r du kan redovisa vilken sp\u00e5rning du g\u00f6r.<\/li>\n<\/ul>\n\n\n\n<h3 class=\"wp-block-heading\">Hur skyddar jag personuppgifter?<\/h3>\n\n\n\n<p>Dels finns det inbyggda funktioner i v\u00e5ra tj\u00e4nster som kan anv\u00e4ndas men dessutom s\u00e5 \u00e4r webbhotellstj\u00e4nster i sin natur v\u00e4ldigt flexibla och \u00f6ppna och man kan d\u00e4rf\u00f6r skapa egna \u00e5tg\u00e4rder och olika plattformar man installerar kan ha egna l\u00f6sningar. Det \u00e4r d\u00e4rf\u00f6r viktigt att du sj\u00e4lv unders\u00f6ker en rimlig niv\u00e5 f\u00f6r din anv\u00e4ndning.<\/p>\n\n\n\n<ul class=\"wp-block-list\">\n<li>Kryptera trafiken till sidan med tvingande HTTPS. Detta kr\u00e4ver att SSL-certifikat \u00e4r utf\u00e4rdat p\u00e5 dom\u00e4nen men ocks\u00e5 att det faktiskt anv\u00e4nds.  Vi har guider som ber\u00f6r detta \u00e4mne <a rel=\"noreferrer noopener\" href=\"https:\/\/www.oderland.se\/support\/artikel\/hur-omdirigerar-jag-min-site-fran-http-till-https\/\" target=\"_blank\">h\u00e4r<\/a> och <a rel=\"noreferrer noopener\" href=\"https:\/\/www.oderland.se\/support\/artikel\/hur-aktiverar-jag-ssl-for-wordpress\/\" target=\"_blank\">h\u00e4r<\/a>.<\/li>\n\n\n\n<li>Aktivera krypterad anslutning i mail-klienter s\u00e5 att mailen skickas krypterat. I webmail r\u00e4cker det med att h\u00e4ngl\u00e5set visas i adressf\u00e4ltet. (Observera att mail mellan mailservrar fortfarande skickas okrypterat vilket \u00e4r anledningen till att myndigheter och stora f\u00f6retag oftast inte skickar n\u00e5gra personuppgifter \u00f6ver mail. )<\/li>\n\n\n\n<li>\u00d6verv\u00e4g att kryptera er mail ytterligare genom tex PGP vi har en <a rel=\"noreferrer noopener\" href=\"https:\/\/www.oderland.se\/support\/artikel\/hur-skickar-jag-och-tar-emot-krypterad-e-post\/\" target=\"_blank\">guide om detta h\u00e4r<\/a>. Dock kan detta vara tekniskt sv\u00e5rt och en l\u00e4ttare v\u00e4g kan ist\u00e4llet vara att kunder f\u00e5r logga in p\u00e5 er sida och kommunicera med er igenom ett \u00e4rendehanteringssystem.<\/li>\n\n\n\n<li>Vi st\u00f6djer kryptering i andra situationer som <a rel=\"noreferrer noopener\" href=\"https:\/\/www.oderland.se\/support\/artikel\/hur-ansluter-jag-med-ssh-till-ett-webbhotellkonto\/\" target=\"_blank\">SSH<\/a> och <a rel=\"noreferrer noopener\" href=\"https:\/\/www.oderland.se\/support\/artikel\/hur-ansluter-jag-med-ftps-till-mitt-konto-hos-er\/\" target=\"_blank\">SFTP<\/a>.<\/li>\n\n\n\n<li>Vi st\u00f6djer 2FA (Tv\u00e5-faktor autentisering) vid inloggning b\u00e5de <a href=\"https:\/\/www.oderland.se\/support\/artikel\/hur-anvander-jag-tvafaktorsautentisering-pa-kundavdelningen\/\">f\u00f6r Kundavdelningen<\/a> och<a href=\"https:\/\/www.oderland.se\/support\/artikel\/hur-anvander-jag-tvafaktorsautentisering-pa-cpanel\/\"> f\u00f6r cPanel<\/a>. <\/li>\n<\/ul>\n\n\n\n<h3 class=\"wp-block-heading\">Vad har jag f\u00f6r r\u00e4ttigheter?<\/h3>\n\n\n\n<p>\u00c4ntligen \u00e4r dina r\u00e4ttigheter det de alltid borde varit. Bland annat att du har r\u00e4tt att veta om vi behandlar personuppgifter om dig och att kr\u00e4va att vi raderar dessa om det inte st\u00e5r i konflikt med v\u00e5rt uppfyllande av avtal med dig eller lagkrav p\u00e5 oss. Men det \u00e4r m\u00e5nga fler r\u00e4ttigheter \u00e4n s\u00e5 och <a href=\"https:\/\/www.imy.se\/vagledningar\/for-dig-som-privatperson\/dina-rattigheter\/\" target=\"_blank\" rel=\"noreferrer noopener\">Integritetsskyddsmyndigheten som \u00e4r granskande myndighet f\u00f6rklarar det kanske allra b\u00e4st h\u00e4r<\/a>. <strong>Observera<\/strong> att hosting-tj\u00e4nster \u00e4r relativt v\u00e4l f\u00f6rberedda f\u00f6r att tillvarata dina r\u00e4ttigheter d\u00e5 du sj\u00e4lv kan se, \u00e4ndra och radera det allra mesta. Och avslutar du din tj\u00e4nst hos oss kommer vi per automatik att gallra ut information i enlighet med v\u00e5r <a rel=\"noreferrer noopener\" href=\"https:\/\/www.oderland.se\/villkor-policies\/integritetspolicy\/\" target=\"_blank\">Integritetspolicy<\/a>.<\/p>\n","protected":false},"excerpt":{"rendered":"<p>\u00d6verblick Hur behandling av personuppgifter skall ske regleras av Dataskyddsf\u00f6rordningen och GDPR som vi ocks\u00e5 str\u00e4var att efterf\u00f6lja. Du kan ocks\u00e5 vara intresserad av v\u00e5rt anv\u00e4ndaravtal och hur vi hanterar s\u00e4kerhet. Vanliga fr\u00e5gor och svar FAQ \u00c4r Oderland Personuppgiftsansvarig eller Personuppgiftsbitr\u00e4de? Ja b\u00e5da. Se \u00f6verblicken h\u00f6gst upp i denna artikel&#8230;.<\/p>\n","protected":false},"author":12,"comment_status":"open","ping_status":"closed","template":"","format":"standard","meta":{"_acf_changed":false,"footnotes":""},"ht-kb-category":[18],"ht-kb-tag":[],"class_list":["post-3279","ht_kb","type-ht_kb","status-publish","format-standard","hentry","ht_kb_category-avtal-och-fakturering"],"acf":[],"_links":{"self":[{"href":"https:\/\/www.oderland.se\/support\/wp-json\/wp\/v2\/ht-kb\/3279","targetHints":{"allow":["GET"]}}],"collection":[{"href":"https:\/\/www.oderland.se\/support\/wp-json\/wp\/v2\/ht-kb"}],"about":[{"href":"https:\/\/www.oderland.se\/support\/wp-json\/wp\/v2\/types\/ht_kb"}],"author":[{"embeddable":true,"href":"https:\/\/www.oderland.se\/support\/wp-json\/wp\/v2\/users\/12"}],"replies":[{"embeddable":true,"href":"https:\/\/www.oderland.se\/support\/wp-json\/wp\/v2\/comments?post=3279"}],"version-history":[{"count":137,"href":"https:\/\/www.oderland.se\/support\/wp-json\/wp\/v2\/ht-kb\/3279\/revisions"}],"predecessor-version":[{"id":24394,"href":"https:\/\/www.oderland.se\/support\/wp-json\/wp\/v2\/ht-kb\/3279\/revisions\/24394"}],"wp:attachment":[{"href":"https:\/\/www.oderland.se\/support\/wp-json\/wp\/v2\/media?parent=3279"}],"wp:term":[{"taxonomy":"ht_kb_category","embeddable":true,"href":"https:\/\/www.oderland.se\/support\/wp-json\/wp\/v2\/ht-kb-category?post=3279"},{"taxonomy":"ht_kb_tag","embeddable":true,"href":"https:\/\/www.oderland.se\/support\/wp-json\/wp\/v2\/ht-kb-tag?post=3279"}],"curies":[{"name":"wp","href":"https:\/\/api.w.org\/{rel}","templated":true}]}}