{"id":1336,"date":"2017-02-27T16:16:04","date_gmt":"2017-02-27T15:16:04","guid":{"rendered":"http:\/\/oderland.se\/support\/?post_type=ht_kb&#038;p=1336"},"modified":"2019-11-28T14:36:42","modified_gmt":"2019-11-28T13:36:42","slug":"kan-jag-salja-vidare-utrymme-pa-mitt-webbhotellkonto-till-tredje-part","status":"publish","type":"ht_kb","link":"https:\/\/www.oderland.se\/support\/artikel\/kan-jag-salja-vidare-utrymme-pa-mitt-webbhotellkonto-till-tredje-part\/","title":{"rendered":"Kan jag s\u00e4lja vidare utrymme p\u00e5 mitt webbhotellkonto till tredje part?"},"content":{"rendered":"\n<p>Det \u00e4r inte till\u00e5tet enligt v\u00e5rt <a href=\"https:\/\/www.oderland.se\/om\/anvandaravtal\" target=\"_blank\" rel=\"noopener noreferrer\">anv\u00e4ndaravtal<\/a> att bedriva \u00e5terf\u00f6rs\u00e4ljning p\u00e5 ett webbhotellkonto. T.ex. om du har ett Standardkonto hos oss s\u00e5 f\u00e5r du inte l\u00e4gga upp hemsidor \u00e5t dina kunder p\u00e5 ditt webbhotellkonto. Webbhotellkonton \u00e4r till f\u00f6r personligt bruk eller f\u00f6r internt bruk av det f\u00f6retag som har k\u00f6pt tj\u00e4nsten.<\/p>\n\n\n\n<p>Om du vill s\u00e4lja vidare v\u00e5ra tj\u00e4nster s\u00e5 har vi s\u00e4rskilda l\u00f6sningar f\u00f6r det som du kan l\u00e4sa mer om <a href=\"https:\/\/www.oderland.se\/support\/artikel\/hur-kan-jag-bli-aterforsaljare-hos-er\/\" target=\"_blank\" rel=\"noopener noreferrer\">h\u00e4r<\/a>.<\/p>\n","protected":false},"excerpt":{"rendered":"<p>Det \u00e4r inte till\u00e5tet enligt v\u00e5rt anv\u00e4ndaravtal att bedriva \u00e5terf\u00f6rs\u00e4ljning p\u00e5 ett webbhotellkonto. T.ex. om du har ett Standardkonto hos oss s\u00e5 f\u00e5r du inte l\u00e4gga upp hemsidor \u00e5t dina kunder p\u00e5 ditt webbhotellkonto. Webbhotellkonton \u00e4r till f\u00f6r personligt bruk eller f\u00f6r internt bruk av det f\u00f6retag som har k\u00f6pt&#8230;<\/p>\n","protected":false},"author":1,"comment_status":"open","ping_status":"closed","template":"","format":"standard","meta":{"_acf_changed":false,"footnotes":""},"ht-kb-category":[18],"ht-kb-tag":[],"class_list":["post-1336","ht_kb","type-ht_kb","status-publish","format-standard","hentry","ht_kb_category-avtal-och-fakturering"],"acf":[],"_links":{"self":[{"href":"https:\/\/www.oderland.se\/support\/wp-json\/wp\/v2\/ht-kb\/1336","targetHints":{"allow":["GET"]}}],"collection":[{"href":"https:\/\/www.oderland.se\/support\/wp-json\/wp\/v2\/ht-kb"}],"about":[{"href":"https:\/\/www.oderland.se\/support\/wp-json\/wp\/v2\/types\/ht_kb"}],"author":[{"embeddable":true,"href":"https:\/\/www.oderland.se\/support\/wp-json\/wp\/v2\/users\/1"}],"replies":[{"embeddable":true,"href":"https:\/\/www.oderland.se\/support\/wp-json\/wp\/v2\/comments?post=1336"}],"version-history":[{"count":4,"href":"https:\/\/www.oderland.se\/support\/wp-json\/wp\/v2\/ht-kb\/1336\/revisions"}],"predecessor-version":[{"id":8108,"href":"https:\/\/www.oderland.se\/support\/wp-json\/wp\/v2\/ht-kb\/1336\/revisions\/8108"}],"wp:attachment":[{"href":"https:\/\/www.oderland.se\/support\/wp-json\/wp\/v2\/media?parent=1336"}],"wp:term":[{"taxonomy":"ht_kb_category","embeddable":true,"href":"https:\/\/www.oderland.se\/support\/wp-json\/wp\/v2\/ht-kb-category?post=1336"},{"taxonomy":"ht_kb_tag","embeddable":true,"href":"https:\/\/www.oderland.se\/support\/wp-json\/wp\/v2\/ht-kb-tag?post=1336"}],"curies":[{"name":"wp","href":"https:\/\/api.w.org\/{rel}","templated":true}]}}