{"id":11106,"date":"2020-06-24T08:05:25","date_gmt":"2020-06-24T07:05:25","guid":{"rendered":"https:\/\/www.oderland.se\/support\/?post_type=ht_kb&#038;p=11106"},"modified":"2022-07-18T14:54:50","modified_gmt":"2022-07-18T13:54:50","slug":"varfor-skall-jag-valja-oderland","status":"publish","type":"ht_kb","link":"https:\/\/www.oderland.se\/support\/artikel\/varfor-skall-jag-valja-oderland\/","title":{"rendered":"Varf\u00f6r skall jag v\u00e4lja Oderland?"},"content":{"rendered":"\n<h2 class=\"wp-block-heading\">Det korta svaret <\/h2>\n\n\n\n<p>Det \u00e4r en bra fr\u00e5ga, dock en som \u00e4r mycket sv\u00e5r att svara specifikt p\u00e5 eftersom den \u00e4r s\u00e5 generell. N\u00e4r du kontaktar oss blir det d\u00e4rf\u00f6r naturligt med en konversation runt vad du upplever f\u00f6r problem i dag och\/eller vilka behov du har. <a class=\"heroickb_exit_link\" rel=\"noreferrer noopener\" href=\"?hkb-redirect&#038;nonce=ebd8af63d4&#038;check=5hdc0&#038;redirect=https%3A%2F%2Fwww.oderland.se%2Fsupport%2Fkontakt%2F&#038;otype=unknown&#038;oid=0&#038;source=block-content\" target=\"_blank\">Du kan kontakta oss via chatt, mail eller telefon<\/a> och ta diskussionen vidare den v\u00e4gen.<\/p>\n\n\n\n<h2 class=\"wp-block-heading\">Det generella svaret<\/h2>\n\n\n\n<p>Om en kund f\u00f6rst valt ett webbhotell baserat p\u00e5 pris s\u00e5 kan det ha fungerat helt okej en tid. N\u00e4r de sedan h\u00f6r av sig till oss har n\u00e5got f\u00f6r\u00e4ndrats. Det finns m\u00e5nga sk\u00e4l till att byta, men det gemensamma \u00e4r att sidan har b\u00f6rjat g\u00e5 l\u00e5ngsamt eller blivit helt otillg\u00e4nglig. Det kan ocks\u00e5 bero p\u00e5 att supporten hos den tidigare leverant\u00f6ren inte upplevs som kompetent eller tillg\u00e4nglig. Att sidan inte fungerar som f\u00f6rv\u00e4ntat kan i vissa fall bero p\u00e5 helt naturliga f\u00f6r\u00e4ndringar, som att sidan helt enkelt vuxit ur sin hosting och n\u00e4r trycket \u00f6kar m\u00e4rks det att billig hosting \u00e4r anpassad f\u00f6r en enkel hemsida men inte klarar en e-handel med m\u00e5nga samtidiga bes\u00f6kare p\u00e5 samma s\u00e4tt.<\/p>\n\n\n\n<p>Det \u00e4r d\u00e5 de b\u00f6rjar s\u00f6ka efter &#8221;<em>ett bra webbhotell<\/em>&#8221; p\u00e5 n\u00e4tet och hittar <a rel=\"noreferrer noopener\" href=\"https:\/\/www.facebook.com\/groups\/wpsvse\" target=\"_blank\">forum<\/a> och <a rel=\"noreferrer noopener\" href=\"https:\/\/www.reco.se\/oderland-webbhotell-ab\" target=\"_blank\">j\u00e4mf\u00f6relsesidor<\/a> d\u00e4r m\u00e5nga  pekar ut oss som ett bra val. (Psst! <a rel=\"noreferrer noopener\" href=\"https:\/\/www.websiteplanet.com\/sv\/web-hosting\/oderland-webbhotell\/\" target=\"_blank\">vi blev faktiskt b\u00e4st 2019<\/a> och <a rel=\"noreferrer noopener\" href=\"https:\/\/www.wn.se\/forum\/t1070899.html\" target=\"_blank\">2020<\/a>)<\/p>\n\n\n\n<blockquote class=\"wp-block-quote is-style-default is-layout-flow wp-block-quote-is-layout-flow\"><p><em>Jag funderar p\u00e5 att byta webbhotell f\u00f6r det fungerar inte s\u00e5 bra d\u00e4r jag \u00e4r nu och jag har h\u00f6rt att ni skall vara b\u00e4st.<\/em><\/p><cite>S\u00e5 kan det l\u00e5ta n\u00e4r m\u00e5nga kunder hittat till oss och har lite fr\u00e5gor<\/cite><\/blockquote>\n\n\n\n<p>D\u00e4refter f\u00f6ljer en konversation d\u00e4r vi beh\u00f6ver ta reda p\u00e5 dels <a rel=\"noreferrer noopener\" href=\"https:\/\/www.oderland.se\/support\/artikel\/vilken-tjanst-skall-jag-valja-forenklad\/\" target=\"_blank\">vilken tj\u00e4nst som \u00e4r l\u00e4mplig hos oss<\/a> och dels att vi diskuterar hur en flytt g\u00e5r till samt att det finns <a rel=\"noreferrer noopener\" href=\"https:\/\/www.oderland.se\/tjanster\/flytthjalp\/\" target=\"_blank\">m\u00f6jlighet till flytthj\u00e4lp<\/a>.<\/p>\n\n\n\n<p>Det h\u00e4r \u00e4r det som vi ofta h\u00f6r att vi \u00e4r bra p\u00e5 fr\u00e5n kunder som flyttat till oss:<\/p>\n\n\n\n<ul class=\"wp-block-list\"><li><strong>Support<\/strong> &#8211; Vi f\u00e5r om och om h\u00f6ra hur bra vi \u00e4r p\u00e5 support, men varf\u00f6r? Ut\u00e5t sett \u00e4r svaret att vi \u00e4r kompetenta, t\u00e5lmodiga och hj\u00e4lpsamma till en niv\u00e5 som n\u00e4stan \u00e4r unik. Det finns m\u00e5nga sk\u00e4l till detta, men dessa vill vi inte ge bort gratis. Vi \u00e4r v\u00e4l medvetna om att det \u00e4r en av v\u00e5ra viktigaste egenskaper och vi jobbar h\u00e5rt f\u00f6r att forts\u00e4tta vara b\u00e4st p\u00e5 support. <\/li><li><strong>Prestanda<\/strong> &#8211; Det g\u00e5r fort hos oss! Vi \u00e4r datorn\u00f6rdar som siktar p\u00e5 att uppr\u00e4tth\u00e5lla och vidareutveckla premiumtj\u00e4nster och tar betalt f\u00f6r att kunna g\u00f6ra detta. Det \u00e4r sv\u00e5rt att f\u00f6ruts\u00e4ga vilken hastighets\u00f6kning du kommer f\u00e5, men vi vet att majoriteten upplever en prestandaf\u00f6rb\u00e4ttring p\u00e5 n\u00e5gon punkt &#8211; oavsett var de flyttar fr\u00e5n.<\/li><li><strong>Upptid<\/strong> &#8211; Alla hostingbolag verkar komma fram till att de &#8221;<em>haft en upptid p\u00e5 99.99% det senaste \u00e5ret<\/em>&#8221; oavsett hur m\u00e5nga incidenter som drabbat dem. Men kunder som flyttar till oss rapporterar att de faktiskt kan k\u00e4nna trygghet i att vi har h\u00f6g upptid, l\u00f6ser problem fort, redovisar vad som h\u00e4nt och \u00e4ven hur vi undviker det fram\u00f6ver.<\/li><\/ul>\n\n\n\n<p>Saker som vi sj\u00e4lva g\u00e4rna vill lyfta fram f\u00f6rutom punkterna ovan:<\/p>\n\n\n\n<ul class=\"wp-block-list\"><li>Ett robust <strong>s\u00e4kerhetst\u00e4nk<\/strong> med <a rel=\"noreferrer noopener\" href=\"https:\/\/www.oderland.se\/support\/artikel\/har-ni-ddos-skydd\/\" target=\"_blank\">DDOS-skydd<\/a>, <a rel=\"noreferrer noopener\" href=\"https:\/\/www.oderland.se\/support\/artikel\/hur-fungerar-imunify360\/\" target=\"_blank\">WAF som hanterar attacker<\/a> mot applikationer du installerat, <a rel=\"noreferrer noopener\" href=\"https:\/\/www.oderland.se\/support\/artikel\/tar-ni-nagon-backup-pa-min-tjanst\/\" target=\"_blank\">backupsystem<\/a> i v\u00e4rldsklass och sj\u00e4lvklart ett <a rel=\"noreferrer noopener\" href=\"https:\/\/www.oderland.se\/support\/artikel\/hur-hanteras-mina-personuppgifter\/\" target=\"_blank\">GDPR-t\u00e4nk<\/a> i organisationen. <\/li><li><a rel=\"noreferrer noopener\" href=\"https:\/\/www.oderland.se\/losningar\/litespeed-prestanda\/\" target=\"_blank\"><strong>LiteSpeed<\/strong>-servrar<\/a> som ger snabbare sidor direkt men \u00e4nnu snabbare om man installerar deras cacheplugin som fungerar bra ihop med den absolut vanligaste mest kr\u00e4vande kombinationen av hemsida; e-handel baserad p\u00e5 WordPress med WooCommerce. <\/li><li>En intern anda av att vilja vara<strong> b\u00e4st och i framkant<\/strong> av utvecklingen d\u00e4r v\u00e5ra kunder \u00e4r. Allts\u00e5 inte galna experiment men definitivt att vara bland de f\u00f6rsta att implementera det de flesta sm\u00e5f\u00f6retagare och bloggare beh\u00f6ver f\u00f6r att driva sin site med den senaste tekniken. Vi brukar skriva om detta <a rel=\"noreferrer noopener\" href=\"https:\/\/www.oderland.se\/blogg\/\" target=\"_blank\">i v\u00e5r blogg<\/a> och i v\u00e5ra nyhetsbrev.<\/li><\/ul>\n","protected":false},"excerpt":{"rendered":"<p>Det korta svaret Det \u00e4r en bra fr\u00e5ga, dock en som \u00e4r mycket sv\u00e5r att svara specifikt p\u00e5 eftersom den \u00e4r s\u00e5 generell. N\u00e4r du kontaktar oss blir det d\u00e4rf\u00f6r naturligt med en konversation runt vad du upplever f\u00f6r problem i dag och\/eller vilka behov du har. Du kan kontakta&#8230;<\/p>\n","protected":false},"author":12,"comment_status":"open","ping_status":"closed","template":"","format":"standard","meta":{"_acf_changed":false,"footnotes":""},"ht-kb-category":[45],"ht-kb-tag":[],"class_list":["post-11106","ht_kb","type-ht_kb","status-publish","format-standard","hentry","ht_kb_category-fore-kop"],"acf":[],"_links":{"self":[{"href":"https:\/\/www.oderland.se\/support\/wp-json\/wp\/v2\/ht-kb\/11106","targetHints":{"allow":["GET"]}}],"collection":[{"href":"https:\/\/www.oderland.se\/support\/wp-json\/wp\/v2\/ht-kb"}],"about":[{"href":"https:\/\/www.oderland.se\/support\/wp-json\/wp\/v2\/types\/ht_kb"}],"author":[{"embeddable":true,"href":"https:\/\/www.oderland.se\/support\/wp-json\/wp\/v2\/users\/12"}],"replies":[{"embeddable":true,"href":"https:\/\/www.oderland.se\/support\/wp-json\/wp\/v2\/comments?post=11106"}],"version-history":[{"count":23,"href":"https:\/\/www.oderland.se\/support\/wp-json\/wp\/v2\/ht-kb\/11106\/revisions"}],"predecessor-version":[{"id":17416,"href":"https:\/\/www.oderland.se\/support\/wp-json\/wp\/v2\/ht-kb\/11106\/revisions\/17416"}],"wp:attachment":[{"href":"https:\/\/www.oderland.se\/support\/wp-json\/wp\/v2\/media?parent=11106"}],"wp:term":[{"taxonomy":"ht_kb_category","embeddable":true,"href":"https:\/\/www.oderland.se\/support\/wp-json\/wp\/v2\/ht-kb-category?post=11106"},{"taxonomy":"ht_kb_tag","embeddable":true,"href":"https:\/\/www.oderland.se\/support\/wp-json\/wp\/v2\/ht-kb-tag?post=11106"}],"curies":[{"name":"wp","href":"https:\/\/api.w.org\/{rel}","templated":true}]}}